{"id":2117,"date":"2025-11-19T13:43:01","date_gmt":"2025-11-19T13:43:01","guid":{"rendered":"https:\/\/pafond.rs\/who-we-are\/"},"modified":"2026-01-29T09:11:03","modified_gmt":"2026-01-29T09:11:03","slug":"who-we-are","status":"publish","type":"page","link":"https:\/\/pafond.rs\/sr\/who-we-are\/","title":{"rendered":"\u0160ta Mi Radimo"},"content":{"rendered":"<div class=\"wp-block-uagb-container uagb-block-e56714d1 alignfull uagb-is-root-container\"><div class=\"uagb-container-inner-blocks-wrap\">\n<div class=\"wp-block-uagb-info-box uagb-block-d4034274 uagb-infobox__content-wrap  uagb-infobox-icon-above-title uagb-infobox-image-valign-top\"><div class=\"uagb-ifb-content\"><div class=\"uagb-ifb-title-wrap\"><h4 class=\"uagb-ifb-title-prefix\">\u0160ta Mi Radimo<\/h4><div class=\"uagb-ifb-separator\"><\/div><h1 class=\"uagb-ifb-title\">Prepoznaj. Osna\u017ei. Pove\u017ei. Inspir\u0161i.<\/h1><\/div><\/div><\/div>\n<\/div><\/div>\n\n\n\n<div class=\"wp-block-uagb-container uagb-block-5b05212e alignfull uagb-is-root-container\"><div class=\"uagb-container-inner-blocks-wrap\">\n<div class=\"wp-block-uagb-container uagb-block-6d89a5ed\">\n<div class=\"wp-block-uagb-info-box uagb-block-d8d21ca9 uagb-infobox__content-wrap  uagb-infobox-icon-above-title uagb-infobox-image-valign-top\"><div class=\"uagb-ifb-content\"><div class=\"uagb-ifb-title-wrap\"><h2 class=\"uagb-ifb-title\">\u0160ta Mi Radimo<\/h2><\/div><div class=\"uagb-ifb-separator\"><\/div><\/div><\/div>\n<\/div>\n\n\n\n<h3 class=\"wp-block-heading\"><strong>Nagrade za Najbolje Srednjo\u0161kolce (godi\u0161nje priznanje)<\/strong><\/h3>\n\n\n\n<p class=\"translation-block\">Jedna od najistaknutijih i najdugoro\u010dnijih aktivnosti Fondacije jeste godi\u0161nja dodela zahvalnica, poklona i podsticaja najboljim srednjo\u0161kolcima iz Srbije i Republike Srpske. Ova tradicija, koja traje vi\u0161e od dve decenije, povezuje u\u010denike sa akademskim postignu\u0107ima i pru\u017ea priznanje za njihove budu\u0107e obrazovne uspehe.<\/p>\n\n\n\n<p><strong>Klju\u010dne karakteristike:<\/strong><\/p>\n\n\n\n<ul class=\"wp-block-list\">\n<li>Nagrade i priznanja za stotine najboljih u\u010denika svake godine.<\/li>\n\n\n\n<li class=\"translation-block\">\u010cesto pra\u0107eno stipendijama koje se dodeljuju u saradnji sa organizacijama kao \u0161to je Link Group.<\/li>\n\n\n\n<li>Ceremonije se odr\u017eavaju u Belom dvoru ili onlajn, u zavisnosti od okolnosti.<\/li>\n<\/ul>\n\n\n\n<figure class=\"wp-block-embed is-type-wp-embed is-provider-the-royal-family-of-serbia wp-block-embed-the-royal-family-of-serbia\" style=\"margin-top:0;margin-right:0;margin-bottom:0;margin-left:0\"><div class=\"wp-block-embed__wrapper\">\n<blockquote class=\"wp-embedded-content\" data-secret=\"zdTREg5LLz\"><a href=\"https:\/\/royalfamily.org\/crown-prince-alexander-continues-awarding-best-high-school-graduates\/\">CROWN PRINCE ALEXANDER CONTINUES AWARDING BEST HIGH SCHOOL GRADUATES<\/a><\/blockquote><iframe loading=\"lazy\" class=\"wp-embedded-content\" sandbox=\"allow-scripts\" security=\"restricted\" style=\"position: absolute; visibility: hidden;\" title=\"PRESTOLONASLEDNIK ALEKSANDAR NASTAVLjA DA NAGRA\u0110UJE NAJBOLjE MATURANTE SREDNjIH \u0160KOLA\" src=\"https:\/\/royalfamily.org\/crown-prince-alexander-continues-awarding-best-high-school-graduates\/embed\/#?secret=XCIwe7Xf9i#?secret=zdTREg5LLz\" data-secret=\"zdTREg5LLz\" width=\"500\" height=\"282\" frameborder=\"0\" marginwidth=\"0\" marginheight=\"0\" scrolling=\"no\"><\/iframe>\n<\/div><\/figure>\n\n\n\n<hr class=\"wp-block-separator has-alpha-channel-opacity\"\/>\n\n\n\n<div class=\"wp-block-uagb-advanced-heading uagb-block-7f13b829\"><h3 class=\"uagb-heading-text\"><strong>&nbsp;Obuka i Podr\u0161ka za Osobe sa Invaliditetom<\/strong><\/h3><\/div>\n\n\n\n<p class=\"translation-block\">Fondacija je tokom godina sprovodila inicijative poput kurseva obuke i programa profesionalnog usavr\u0161avanja za osobe sa invaliditetom (projekat \u201eTune In\u201c i sli\u010dni), sa fokusom na motivaciju, razvoj mekih ve\u0161tina i pove\u0107anje zapo\u0161ljivosti. Ovakvi programi u potpunosti su u skladu sa misijom Fondacije da pro\u0161iri pristup obrazovanju i mogu\u0107nostima.<\/p>\n\n\n\n<p><strong>Klju\u010dne karakteristike:<\/strong><\/p>\n\n\n\n<ul class=\"wp-block-list\">\n<li>Predavanja i radionice usmerene na profesionalno usavr\u0161avanje.<\/li>\n\n\n\n<li>Vi\u0161emesec\u0301ni interaktivni programi obuke.<\/li>\n\n\n\n<li>Dizajnirani da unaprede samopouzdanje i mogu\u0107nosti za zaposlenje.<\/li>\n<\/ul>\n\n\n\n<figure class=\"wp-block-embed is-type-wp-embed is-provider-the-royal-family-of-serbia wp-block-embed-the-royal-family-of-serbia\"><div class=\"wp-block-embed__wrapper\">\n<blockquote class=\"wp-embedded-content\" data-secret=\"tooFCIAEUc\"><a href=\"https:\/\/royalfamily.org\/crown-prince-alexander-ii-officialy-opened-the-first-lecture-tune-in-for-professional-improvement-of-people-with-dissabilities\/\">CROWN PRINCE ALEXANDER II OFFICIALY OPENED THE FIRST LECTURE &#8220;TUNE IN&#8221; FOR PROFESSIONAL IMPROVEMENT OF PEOPLE WITH DISSABILITIES<\/a><\/blockquote><iframe loading=\"lazy\" class=\"wp-embedded-content\" sandbox=\"allow-scripts\" security=\"restricted\" style=\"position: absolute; visibility: hidden;\" title=\"PRESTOLONASLEDNIK ALEKSANDAR II SVE\u010cANO OTVORIO PRVO PREDAVANJE PROJEKTA \u201eUKLJU\u010cI SE\u201c ZA STRU\u010cNO USAVR\u0160AVANJE OSOBA SA INVALIDITETOM\" src=\"https:\/\/royalfamily.org\/crown-prince-alexander-ii-officialy-opened-the-first-lecture-tune-in-for-professional-improvement-of-people-with-dissabilities\/embed\/#?secret=uNF2lDlofW#?secret=tooFCIAEUc\" data-secret=\"tooFCIAEUc\" width=\"500\" height=\"282\" frameborder=\"0\" marginwidth=\"0\" marginheight=\"0\" scrolling=\"no\"><\/iframe>\n<\/div><\/figure>\n\n\n\n<figure class=\"wp-block-embed is-type-wp-embed is-provider-the-royal-family-of-serbia wp-block-embed-the-royal-family-of-serbia\"><div class=\"wp-block-embed__wrapper\">\n<blockquote class=\"wp-embedded-content\" data-secret=\"4d4c4i7B20\"><a href=\"https:\/\/royalfamily.org\/the-royal-family-at-the-tune-in-certificate-award-ceremony\/\">The Royal family at the \u201cTune in\u201d certificate award ceremony<\/a><\/blockquote><iframe loading=\"lazy\" class=\"wp-embedded-content\" sandbox=\"allow-scripts\" security=\"restricted\" style=\"position: absolute; visibility: hidden;\" title=\"&#8220;The Royal family at the \u201cTune in\u201d certificate award ceremony&#8221; &#8212; The Royal Family of Serbia\" src=\"https:\/\/royalfamily.org\/the-royal-family-at-the-tune-in-certificate-award-ceremony\/embed\/#?secret=XsIsnPycVc#?secret=4d4c4i7B20\" data-secret=\"4d4c4i7B20\" width=\"500\" height=\"282\" frameborder=\"0\" marginwidth=\"0\" marginheight=\"0\" scrolling=\"no\"><\/iframe>\n<\/div><\/figure>\n\n\n\n<hr class=\"wp-block-separator has-alpha-channel-opacity\"\/>\n\n\n\n<h3 class=\"wp-block-heading\"><strong>Institucionalna Partnerstva i Umre\u017eavanje<\/strong><\/h3>\n\n\n\n<p class=\"translation-block\">Fondacija aktivno povezuje srpske obrazovne i kulturne institucije sa me\u0111unarodnim partnerima \u2014 bilo kroz formalna partnerstva, platforme za saradnju ili zajedni\u010dke obrazovne projekte i ciljeve.<\/p>\n\n\n\n<ul class=\"wp-block-list\">\n<li class=\"translation-block\">Saradnja sa Savremenom \u0161kolom i drugim institucijama radi unapre\u0111enja savremenih obrazovnih praksi.<\/li>\n\n\n\n<li class=\"translation-block\">Saradnja sa me\u0111unarodnim obrazovnim organizacijama radi podsticanja akademske razmene.<\/li>\n<\/ul>\n\n\n\n<p><a href=\"https:\/\/www.international-school.edu.rs\/partnership-with-hrh-crown-prince-alexanders-foundation-for-education-and-culture\">https:\/\/www.international-school.edu.rs\/partnership-with-hrh-crown-prince-alexanders-foundation-for-education-and-culture<\/a><\/p>\n\n\n\n<p><a href=\"https:\/\/www.link-group.eu\/content\/hrh-crown-prince-alexanders-foundation-education-and-culture\">https:\/\/www.link-group.eu\/content\/hrh-crown-prince-alexanders-foundation-education-and-culture<\/a><\/p>\n\n\n\n<hr class=\"wp-block-separator has-alpha-channel-opacity\"\/>\n\n\n\n<h3 class=\"wp-block-heading\"><strong>Startap i Preduzetni\u010dke inicijative<\/strong><\/h3>\n\n\n\n<h4 class=\"wp-block-heading\"><strong>Startup Weekend Srbija (Beograd)<\/strong><\/h4>\n\n\n\n<p class=\"translation-block\">Pod okriljem Fondacije, Startup Weekend je prvi put doveden u Srbiju (i kasnije ponovo organizovan) u Belom dvoru. Ovi intenzivni 54-\u010dasovni doga\u0111aji okupljali su preduzetnike, programere, marketare i dizajnere kako bi formirali timove, usavr\u0161avali poslovne ideje i pokretali prototipove \u2014 uvode\u0107i Srbiju u globalnu mre\u017eu startap doga\u0111aja koja se odr\u017eava u vi\u0161e od 100 zemalja.<\/p>\n\n\n\n<p>Rukovodstvo Fondacije i govori Prestolonaslednika Aleksandra isticali su preduzetni\u0161tvo kao klju\u010dni faktor ekonomskog rasta i zapo\u0161ljavanja.<\/p>\n\n\n\n<p>Pobedni\u010dki timovi dobijali su prilike da predstave svoje ideje na forumima i u\u010destvuju u me\u0111unarodnim programima.<\/p>\n\n\n\n<figure class=\"wp-block-embed is-type-wp-embed is-provider-doing-business-in-serbia-serbia-business-country-gateway-companies-industry-sectors wp-block-embed-doing-business-in-serbia-serbia-business-country-gateway-companies-industry-sectors\"><div class=\"wp-block-embed__wrapper\">\n<blockquote class=\"wp-embedded-content\" data-secret=\"v4J7lXfxkb\"><a href=\"https:\/\/serbia-business.eu\/22-march-startup-weekend-for-the-first-time-in-serbia\/\">22 March Startup Weekend for the first time in Serbia<\/a><\/blockquote><iframe loading=\"lazy\" class=\"wp-embedded-content\" sandbox=\"allow-scripts\" security=\"restricted\" style=\"position: absolute; visibility: hidden;\" title=\"&#8220;22 March Startup Weekend for the first time in Serbia&#8221; &#8212; Doing Business in Serbia - Serbia business country gateway, companies industry sectors\" src=\"https:\/\/serbia-business.eu\/22-march-startup-weekend-for-the-first-time-in-serbia\/embed\/#?secret=vKzTyHcdTr#?secret=v4J7lXfxkb\" data-secret=\"v4J7lXfxkb\" width=\"500\" height=\"282\" frameborder=\"0\" marginwidth=\"0\" marginheight=\"0\" scrolling=\"no\"><\/iframe>\n<\/div><\/figure>\n\n\n\n<figure class=\"wp-block-embed is-type-wp-embed is-provider-the-royal-family-of-serbia wp-block-embed-the-royal-family-of-serbia\"><div class=\"wp-block-embed__wrapper\">\n<blockquote class=\"wp-embedded-content\" data-secret=\"UUi8GlfUl6\"><a href=\"https:\/\/royalfamily.org\/the-first-startup-weekend-in-serbia-a-great-success\/\">The First Startup Weekend in Serbia a Great Success<\/a><\/blockquote><iframe loading=\"lazy\" class=\"wp-embedded-content\" sandbox=\"allow-scripts\" security=\"restricted\" style=\"position: absolute; visibility: hidden;\" title=\"&#8220;The First Startup Weekend in Serbia a Great Success&#8221; &#8212; The Royal Family of Serbia\" src=\"https:\/\/royalfamily.org\/the-first-startup-weekend-in-serbia-a-great-success\/embed\/#?secret=6kd9HT118g#?secret=UUi8GlfUl6\" data-secret=\"UUi8GlfUl6\" width=\"500\" height=\"282\" frameborder=\"0\" marginwidth=\"0\" marginheight=\"0\" scrolling=\"no\"><\/iframe>\n<\/div><\/figure>\n\n\n\n<figure class=\"wp-block-embed is-type-wp-embed is-provider-the-royal-family-of-serbia wp-block-embed-the-royal-family-of-serbia\"><div class=\"wp-block-embed__wrapper\">\n<blockquote class=\"wp-embedded-content\" data-secret=\"wGVPF4mrL5\"><a href=\"https:\/\/royalfamily.org\/startup-weekend-belgrade-opening\/\">Startup Weekend Belgrade Opening<\/a><\/blockquote><iframe loading=\"lazy\" class=\"wp-embedded-content\" sandbox=\"allow-scripts\" security=\"restricted\" style=\"position: absolute; visibility: hidden;\" title=\"&#8220;Startup Weekend Belgrade Opening&#8221; &#8212; The Royal Family of Serbia\" src=\"https:\/\/royalfamily.org\/startup-weekend-belgrade-opening\/embed\/#?secret=ymbvH0DtY5#?secret=wGVPF4mrL5\" data-secret=\"wGVPF4mrL5\" width=\"500\" height=\"282\" frameborder=\"0\" marginwidth=\"0\" marginheight=\"0\" scrolling=\"no\"><\/iframe>\n<\/div><\/figure>\n\n\n\n<h4 class=\"wp-block-heading\"><strong>Prezentacija Mladih srpskih Preduzetnika (Seedcamp)<\/strong><\/h4>\n\n\n\n<p class=\"translation-block\">Opis: Fondacija je u saradnji sa SEE ICT organizovala doga\u0111aj u Belom dvoru, gde su lokalni osniva\u010di startapa predstavili svoje ideje predstavnicima Seedcampa, jednog od vode\u0107ih evropskih seed fondova i akceleratora. Cilj je bio da se srpskim kompanijama omogu\u0107i povezivanje sa globalnim mre\u017eama i prilikama za finansiranje.<\/p>\n\n\n\n<figure class=\"wp-block-embed is-type-wp-embed is-provider-the-royal-family-of-serbia wp-block-embed-the-royal-family-of-serbia\"><div class=\"wp-block-embed__wrapper\">\n<blockquote class=\"wp-embedded-content\" data-secret=\"zwxrBj0BhR\"><a href=\"https:\/\/royalfamily.org\/young-serbian-entrepreneurs-present-their-ideas-at-the-royal-palace\/\">Young Serbian Entrepreneurs Present their Ideas at The Royal Palace<\/a><\/blockquote><iframe loading=\"lazy\" class=\"wp-embedded-content\" sandbox=\"allow-scripts\" security=\"restricted\" style=\"position: absolute; visibility: hidden;\" title=\"&#8220;Young Serbian Entrepreneurs Present their Ideas at The Royal Palace&#8221; &#8212; The Royal Family of Serbia\" src=\"https:\/\/royalfamily.org\/young-serbian-entrepreneurs-present-their-ideas-at-the-royal-palace\/embed\/#?secret=K4oNmGdCSt#?secret=zwxrBj0BhR\" data-secret=\"zwxrBj0BhR\" width=\"500\" height=\"282\" frameborder=\"0\" marginwidth=\"0\" marginheight=\"0\" scrolling=\"no\"><\/iframe>\n<\/div><\/figure>\n\n\n\n<hr class=\"wp-block-separator has-alpha-channel-opacity\"\/>\n\n\n\n<p>\u00b7&nbsp; &nbsp;&nbsp;&nbsp;&nbsp;&nbsp; <strong>Motivaciona i liderska predavanja<\/strong><\/p>\n\n\n\n<h4 class=\"wp-block-heading\"><strong>Motivaciono Predavanje Nika Vuji\u010di\u0107a (Beli Dvor)<\/strong><\/h4>\n\n\n\n<p class=\"translation-block\">Fondacija je organizovala najmanje dva velika predavanja svetski poznatog motivacionog govornika Nika Vuji\u010di\u0107a (Srbin ro\u0111en u Australiji, ro\u0111en bez udova), odr\u017eana u Belom dvoru za u\u010denike, menad\u017eere i predstavnike dru\u0161tveno odgovornih kompanija. Ova predavanja bila su posve\u0107ena izgradnji otpornosti, postavljanju velikih ciljeva i li\u010dnom razvoju \u2014 u skladu sa misijom Fondacije da inspiri\u0161e kako mlade, tako i profesionalce.<\/p>\n\n\n\n<figure class=\"wp-block-embed is-type-wp-embed is-provider-the-royal-family-of-serbia wp-block-embed-the-royal-family-of-serbia\"><div class=\"wp-block-embed__wrapper\">\n<blockquote class=\"wp-embedded-content\" data-secret=\"BsBZpowSuQ\"><a href=\"https:\/\/royalfamily.org\/nik-vujicic-delivers-motivational-lecture-at-white-palace\/\">NIK VUJICIC DELIVERS MOTIVATIONAL LECTURE AT WHITE PALACE<\/a><\/blockquote><iframe loading=\"lazy\" class=\"wp-embedded-content\" sandbox=\"allow-scripts\" security=\"restricted\" style=\"position: absolute; visibility: hidden;\" title=\"&#8220;NIK VUJICIC DELIVERS MOTIVATIONAL LECTURE AT WHITE PALACE&#8221; &#8212; The Royal Family of Serbia\" src=\"https:\/\/royalfamily.org\/nik-vujicic-delivers-motivational-lecture-at-white-palace\/embed\/#?secret=G876Ft2qsI#?secret=BsBZpowSuQ\" data-secret=\"BsBZpowSuQ\" width=\"500\" height=\"282\" frameborder=\"0\" marginwidth=\"0\" marginheight=\"0\" scrolling=\"no\"><\/iframe>\n<\/div><\/figure>\n\n\n\n<hr class=\"wp-block-separator has-alpha-channel-opacity\"\/>\n\n\n\n<h4 class=\"wp-block-heading\"><strong>Rani Stipendijski Programi<\/strong><\/h4>\n\n\n\n<p class=\"translation-block\">U prethodnim godinama, Fondacija je obezbe\u0111ivala me\u0111unarodne stipendije za studiranje u inostranstvu za studente iz Srbije, uklju\u010duju\u0107i i upis na koled\u017ee poput British Mediterranean College-a.<\/p>\n\n\n\n<p><strong>Klju\u010dne karakteristike:<\/strong><\/p>\n\n\n\n<ul class=\"wp-block-list\">\n<li>Stipendije za osnovne i postdiplomske studije u inostranstvu.<\/li>\n\n\n\n<li>Cilj je vra\u0107anje me\u0111unarodnog znanja i stru\u010dnosti u Srbiju.<\/li>\n<\/ul>\n\n\n\n<figure class=\"wp-block-embed is-type-wp-embed is-provider-the-royal-family-of-serbia wp-block-embed-the-royal-family-of-serbia\"><div class=\"wp-block-embed__wrapper\">\n<blockquote class=\"wp-embedded-content\" data-secret=\"GBVPoDhPch\"><a href=\"https:\/\/royalfamily.org\/july-2010-crown-prince-alexander-ii-foundation-for-education-secures-10-scholarships-from-the-mediterranean-college\/\">July 2010 &#010;CROWN PRINCE ALEXANDER II &#013;&#010;    FOUNDATION FOR EDUCATION SECURES 10 SCHOLARSHIPS FROM THE MEDITERRANEAN COLLEGE<\/a><\/blockquote><iframe loading=\"lazy\" class=\"wp-embedded-content\" sandbox=\"allow-scripts\" security=\"restricted\" style=\"position: absolute; visibility: hidden;\" title=\"&#8220;July 2010 &#010;CROWN PRINCE ALEXANDER II &#013;&#010;    FOUNDATION FOR EDUCATION SECURES 10 SCHOLARSHIPS FROM THE MEDITERRANEAN COLLEGE&#8221; &#8212; The Royal Family of Serbia\" src=\"https:\/\/royalfamily.org\/july-2010-crown-prince-alexander-ii-foundation-for-education-secures-10-scholarships-from-the-mediterranean-college\/embed\/#?secret=0FcrtTQzNn#?secret=GBVPoDhPch\" data-secret=\"GBVPoDhPch\" width=\"500\" height=\"282\" frameborder=\"0\" marginwidth=\"0\" marginheight=\"0\" scrolling=\"no\"><\/iframe>\n<\/div><\/figure>\n\n\n\n<hr class=\"wp-block-separator has-alpha-channel-opacity\"\/>\n\n\n\n<h4 class=\"wp-block-heading\"><strong>Centar za Razvoj Karijere i Podr\u0161ku Akademskom Istra\u017eivanju<\/strong><\/h4>\n\n\n\n<p>The Foundation has supported <strong>career development centers<\/strong> and academic research infrastructure within Serbian universities, promoting career readiness, research potential, and international cooperation.<\/p>\n\n\n\n<p><strong>Klju\u010dne karakteristike:<\/strong><\/p>\n\n\n\n<ul class=\"wp-block-list\">\n<li>Resursi za razvoj karijere integrisani u rad univerziteta.<\/li>\n\n\n\n<li>U\u010de\u0161\u0107e na akademskim sajmovima i me\u0111unarodnim obrazovnim doga\u0111ajima.<\/li>\n<\/ul>\n\n\n\n<figure class=\"wp-block-embed is-type-wp-embed is-provider-the-royal-family-of-serbia wp-block-embed-the-royal-family-of-serbia\"><div class=\"wp-block-embed__wrapper\">\n<blockquote class=\"wp-embedded-content\" data-secret=\"0CpxfKxCUc\"><a href=\"https:\/\/royalfamily.org\/crown-prince-alexander-ii-foundation-for-education-at-education-fair\/\">CROWN PRINCE ALEXANDER II FOUNDATION FOR   EDUCATION AT EDUCATION FAIR<\/a><\/blockquote><iframe loading=\"lazy\" class=\"wp-embedded-content\" sandbox=\"allow-scripts\" security=\"restricted\" style=\"position: absolute; visibility: hidden;\" title=\"&#8220;CROWN PRINCE ALEXANDER II FOUNDATION FOR   EDUCATION AT EDUCATION FAIR&#8221; &#8212; The Royal Family of Serbia\" src=\"https:\/\/royalfamily.org\/crown-prince-alexander-ii-foundation-for-education-at-education-fair\/embed\/#?secret=sGkrqxqE7b#?secret=0CpxfKxCUc\" data-secret=\"0CpxfKxCUc\" width=\"500\" height=\"282\" frameborder=\"0\" marginwidth=\"0\" marginheight=\"0\" scrolling=\"no\"><\/iframe>\n<\/div><\/figure>\n\n\n\n<hr class=\"wp-block-separator has-alpha-channel-opacity\"\/>\n\n\n\n<ul class=\"wp-block-list\">\n<li><strong>Podr\u0161ka \u0161kolama i sli\u010dnim institucijama<\/strong><\/li>\n<\/ul>\n\n\n\n<p class=\"translation-block\">Kroz sponzorstva, pokroviteljstvo i podr\u0161ku kulturnim doga\u0111ajima (uklju\u010duju\u0107i lokalne muzi\u010dke \u0161kole i umetni\u010dke inicijative), Fondacija neguje kulturno nasle\u0111e i podsti\u010de kreativno izra\u017eavanje \u0161irom Srbije.<\/p>\n\n\n\n<ul class=\"wp-block-list\">\n<li>Pokroviteljstvo humanitarnih koncerata u korist muzi\u010dkog obrazovanja na osnovnom nivou.<\/li>\n<\/ul>\n\n\n\n<figure class=\"wp-block-embed is-type-wp-embed is-provider-the-royal-family-of-serbia wp-block-embed-the-royal-family-of-serbia\"><div class=\"wp-block-embed__wrapper\">\n<blockquote class=\"wp-embedded-content\" data-secret=\"p81qpZ6ANE\"><a href=\"https:\/\/royalfamily.org\/humanitarian-concert-for-cuprija-music-school-at-the-white-palace\/\">HUMANITARIAN CONCERT FOR CUPRIJA MUSIC SCHOOL AT THE WHITE PALACE<\/a><\/blockquote><iframe loading=\"lazy\" class=\"wp-embedded-content\" sandbox=\"allow-scripts\" security=\"restricted\" style=\"position: absolute; visibility: hidden;\" title=\"&#8220;HUMANITARIAN CONCERT FOR CUPRIJA MUSIC SCHOOL AT THE WHITE PALACE&#8221; &#8212; The Royal Family of Serbia\" src=\"https:\/\/royalfamily.org\/humanitarian-concert-for-cuprija-music-school-at-the-white-palace\/embed\/#?secret=2vY9stgvI9#?secret=p81qpZ6ANE\" data-secret=\"p81qpZ6ANE\" width=\"500\" height=\"282\" frameborder=\"0\" marginwidth=\"0\" marginheight=\"0\" scrolling=\"no\"><\/iframe>\n<\/div><\/figure>\n\n\n\n<figure class=\"wp-block-embed is-type-wp-embed is-provider-the-royal-family-of-serbia wp-block-embed-the-royal-family-of-serbia\"><div class=\"wp-block-embed__wrapper\">\n<blockquote class=\"wp-embedded-content\" data-secret=\"QGp2pbkC4n\"><a href=\"https:\/\/royalfamily.org\/stefan-djokovic-charity-concert-for-childrens-home-in-negotin-at-the-white-palace\/\">STEFAN DJOKOVIC CHARITY CONCERT FOR CHILDREN\u2019S HOME IN NEGOTIN AT THE WHITE PALACE<\/a><\/blockquote><iframe loading=\"lazy\" class=\"wp-embedded-content\" sandbox=\"allow-scripts\" security=\"restricted\" style=\"position: absolute; visibility: hidden;\" title=\"&#8220;STEFAN DJOKOVIC CHARITY CONCERT FOR CHILDREN\u2019S HOME IN NEGOTIN AT THE WHITE PALACE&#8221; &#8212; The Royal Family of Serbia\" src=\"https:\/\/royalfamily.org\/stefan-djokovic-charity-concert-for-childrens-home-in-negotin-at-the-white-palace\/embed\/#?secret=FAGtXMrXuh#?secret=QGp2pbkC4n\" data-secret=\"QGp2pbkC4n\" width=\"500\" height=\"282\" frameborder=\"0\" marginwidth=\"0\" marginheight=\"0\" scrolling=\"no\"><\/iframe>\n<\/div><\/figure>\n\n\n\n<hr class=\"wp-block-separator has-alpha-channel-opacity\"\/>\n\n\n\n<h3 class=\"wp-block-heading\"><strong>Stipendija za U\u010denike Culver Vojne Letnje \u0160kole<\/strong><\/h3>\n\n\n\n<p class=\"translation-block\">Svake godine, kroz kontinuiranu saradnju sa Culver Academies i Culver Military Summer Schools, Fondacija Nj.K.V. Prestolonaslednika Aleksandra za obrazovanje i kulturu dodeljuje stipendiju zaslu\u017enom u\u010deniku iz Srbije za poha\u0111anje presti\u017enog Culver letnjeg programa u Sjedinjenim Ameri\u010dkim Dr\u017eavama. Ova prilika omogu\u0107ava izabranim u\u010denicima da iskuse me\u0111unarodno cenjeno obrazovno okru\u017eenje usmereno na liderstvo, disciplinu, timski rad i li\u010dni razvoj, odra\u017eavaju\u0107i posve\u0107enost Fondacije globalnoj obrazovnoj razmeni i razvoju budu\u0107ih lidera.<\/p>\n\n\n\n<p><a href=\"https:\/\/www.culver.org\/about\/news-media\/cannon\/post-details-page\/~board\/news-stories\/post\/scholarship-that-honors-serbian-prince-opens-world-for-belgrade-teenager\">https:\/\/www.culver.org\/about\/news-media\/cannon\/post-details-page\/~board\/news-stories\/post\/scholarship-that-honors-serbian-prince-opens-world-for-belgrade-teenager<\/a><\/p>\n\n\n\n<hr class=\"wp-block-separator has-alpha-channel-opacity\"\/>\n<\/div><\/div>\n\n\n\n<div class=\"wp-block-uagb-container uagb-block-c980b27f alignfull uagb-is-root-container\"><div class=\"uagb-container-inner-blocks-wrap\">\n<div class=\"wp-block-uagb-info-box uagb-block-d5ce13e9 uagb-infobox__content-wrap  uagb-infobox-icon-above-title uagb-infobox-image-valign-top\"><div class=\"uagb-ifb-content\"><div class=\"uagb-ifb-title-wrap\"><h2 class=\"uagb-ifb-title\">Partneri<\/h2><\/div><div class=\"uagb-ifb-separator\"><\/div><\/div><\/div>\n\n\n\t\t\t\t\t<div\n\t\t\t\t\t\tclass=\"wp-block-uagb-image-gallery uagb-block-e52c2535\"\n\t\t\t\t\t\tstyle=\"\"\n\t\t\t\t\t>\n\t\t\t\t\t\t\t\t\t\t\t<div class=\"spectra-image-gallery spectra-image-gallery__layout--carousel\">\n\t\t\t\t\t\t\t\t<div class=\"uagb-slick-carousel uagb-block-e52c2535\">\n\t\t\t\t\t\t\t\t\t\t\t\t<div class='spectra-image-gallery__media-wrapper' data-spectra-gallery-image-id='5602'>\n\t\t\t\t\t\t\t<div class=\"spectra-image-gallery__media spectra-image-gallery__media--carousel\">\n\t\t\t\t<picture>\n\t\t\t\t\t<source media=\"(min-width: 1024px)\" srcset=\"https:\/\/pafond.rs\/wp-content\/uploads\/2026\/01\/euromedik-logo1.png\">\n\t\t\t\t\t<source media=\"(min-width: 768px)\" srcset=\"https:\/\/pafond.rs\/wp-content\/uploads\/2026\/01\/euromedik-logo1.png\">\n\t\t\t\t\t<img decoding=\"async\" class=\"spectra-image-gallery__media-thumbnail spectra-image-gallery__media-thumbnail--carousel\" src=\"https:\/\/pafond.rs\/wp-content\/uploads\/2026\/01\/euromedik-logo1-300x70.png\" alt=\"euromedik logo1\" loading=\"lazy\" \/>\n\t\t\t\t<\/picture>\n\t\t\t\t<div class=\"spectra-image-gallery__media-thumbnail-blurrer\"><\/div>\n\t\t\t\t\t\t\t\t\t\t\t<div class=\"spectra-image-gallery__media-thumbnail-caption-wrapper spectra-image-gallery__media-thumbnail-caption-wrapper--overlay\"><\/div>\n\t\t\t\t\t\t\t\t<\/div>\n\t\t\t\t\t\t<\/div>\n\t\t\t\t\t\t<div class='spectra-image-gallery__media-wrapper' data-spectra-gallery-image-id='5458'>\n\t\t\t\t\t\t\t<div class=\"spectra-image-gallery__media spectra-image-gallery__media--carousel\">\n\t\t\t\t<picture>\n\t\t\t\t\t<source media=\"(min-width: 1024px)\" srcset=\"https:\/\/pafond.rs\/wp-content\/uploads\/2025\/11\/UPWARD-BOUND-youth-logo.png\">\n\t\t\t\t\t<source media=\"(min-width: 768px)\" srcset=\"https:\/\/pafond.rs\/wp-content\/uploads\/2025\/11\/UPWARD-BOUND-youth-logo.png\">\n\t\t\t\t\t<img decoding=\"async\" class=\"spectra-image-gallery__media-thumbnail spectra-image-gallery__media-thumbnail--carousel\" src=\"https:\/\/pafond.rs\/wp-content\/uploads\/2025\/11\/UPWARD-BOUND-youth-logo-300x76.png\" alt=\"upward bound youth logo\" loading=\"lazy\" \/>\n\t\t\t\t<\/picture>\n\t\t\t\t<div class=\"spectra-image-gallery__media-thumbnail-blurrer\"><\/div>\n\t\t\t\t\t\t\t\t\t\t\t<div class=\"spectra-image-gallery__media-thumbnail-caption-wrapper spectra-image-gallery__media-thumbnail-caption-wrapper--overlay\"><\/div>\n\t\t\t\t\t\t\t\t<\/div>\n\t\t\t\t\t\t<\/div>\n\t\t\t\t\t\t<div class='spectra-image-gallery__media-wrapper' data-spectra-gallery-image-id='5457'>\n\t\t\t\t\t\t\t<div class=\"spectra-image-gallery__media spectra-image-gallery__media--carousel\">\n\t\t\t\t<picture>\n\t\t\t\t\t<source media=\"(min-width: 1024px)\" srcset=\"https:\/\/pafond.rs\/wp-content\/uploads\/2025\/11\/LINKGROUP-logo.png\">\n\t\t\t\t\t<source media=\"(min-width: 768px)\" srcset=\"https:\/\/pafond.rs\/wp-content\/uploads\/2025\/11\/LINKGROUP-logo.png\">\n\t\t\t\t\t<img decoding=\"async\" class=\"spectra-image-gallery__media-thumbnail spectra-image-gallery__media-thumbnail--carousel\" src=\"https:\/\/pafond.rs\/wp-content\/uploads\/2025\/11\/LINKGROUP-logo.png\" alt=\"linkgroup logo\" loading=\"lazy\" \/>\n\t\t\t\t<\/picture>\n\t\t\t\t<div class=\"spectra-image-gallery__media-thumbnail-blurrer\"><\/div>\n\t\t\t\t\t\t\t\t\t\t\t<div class=\"spectra-image-gallery__media-thumbnail-caption-wrapper spectra-image-gallery__media-thumbnail-caption-wrapper--overlay\"><\/div>\n\t\t\t\t\t\t\t\t<\/div>\n\t\t\t\t\t\t<\/div>\n\t\t\t\t\t\t<div class='spectra-image-gallery__media-wrapper' data-spectra-gallery-image-id='5459'>\n\t\t\t\t\t\t\t<div class=\"spectra-image-gallery__media spectra-image-gallery__media--carousel\">\n\t\t\t\t<picture>\n\t\t\t\t\t<source media=\"(min-width: 1024px)\" srcset=\"https:\/\/pafond.rs\/wp-content\/uploads\/2025\/11\/IT-Academy-logo-1.png\">\n\t\t\t\t\t<source media=\"(min-width: 768px)\" srcset=\"https:\/\/pafond.rs\/wp-content\/uploads\/2025\/11\/IT-Academy-logo-1.png\">\n\t\t\t\t\t<img decoding=\"async\" class=\"spectra-image-gallery__media-thumbnail spectra-image-gallery__media-thumbnail--carousel\" src=\"https:\/\/pafond.rs\/wp-content\/uploads\/2025\/11\/IT-Academy-logo-1.png\" alt=\"it academy logo\" loading=\"lazy\" \/>\n\t\t\t\t<\/picture>\n\t\t\t\t<div class=\"spectra-image-gallery__media-thumbnail-blurrer\"><\/div>\n\t\t\t\t\t\t\t\t\t\t\t<div class=\"spectra-image-gallery__media-thumbnail-caption-wrapper spectra-image-gallery__media-thumbnail-caption-wrapper--overlay\"><\/div>\n\t\t\t\t\t\t\t\t<\/div>\n\t\t\t\t\t\t<\/div>\n\t\t\t\t\t\t\t\t\t\t\t<\/div>\n\t\t\t\t\t\t\t<\/div>\n\t\t\t\t\t\t\t\t\t\t\t<\/div>\n\t\t\t\t\t\t\t\t\t<\/div><\/div>\n\n\n\n<div class=\"wp-block-uagb-container uagb-block-34182bac alignfull uagb-is-root-container\"><div class=\"uagb-container-inner-blocks-wrap\">\n<div class=\"wp-block-uagb-info-box uagb-block-54acbf64 uagb-infobox__content-wrap  uagb-infobox-icon-above-title uagb-infobox-image-valign-top\"><div class=\"uagb-ifb-content\"><div class=\"uagb-ifb-title-wrap\"><h2 class=\"uagb-ifb-title-prefix\">Doniraj<\/h2><div class=\"uagb-ifb-separator\"><\/div><h3 class=\"uagb-ifb-title\">Zajedno Stvaramo Prilike<\/h3><\/div><p class=\"uagb-ifb-desc\"><br><\/p><div class=\"uagb-ifb-button-wrapper wp-block-button\"><a href=\"https:\/\/pafond.rs\/sr\/donate\/\" class=\"uagb-infobox-cta-link wp-block-button__link\" target=\"_self\" rel=\"noopener noreferrer\" onclick=\"return true;\"><span class=\"uagb-inline-editing\">DONIRAJ<\/span><svg xmlns=\"https:\/\/www.w3.org\/2000\/svg\" viewbox=\"0 0 384 512\"><path d=\"M111.4 295.9c-3.5 19.2-17.4 108.7-21.5 134-.3 1.8-1 2.5-3 2.5H12.3c-7.6 0-13.1-6.6-12.1-13.9L58.8 46.6c1.5-9.6 10.1-16.9 20-16.9 152.3 0 165.1-3.7 204 11.4 60.1 23.3 65.6 79.5 44 140.3-21.5 62.6-72.5 89.5-140.1 90.3-43.4 .7-69.5-7-75.3 24.2zM357.1 152c-1.8-1.3-2.5-1.8-3 1.3-2 11.4-5.1 22.5-8.8 33.6-39.9 113.8-150.5 103.9-204.5 103.9-6.1 0-10.1 3.3-10.9 9.4-22.6 140.4-27.1 169.7-27.1 169.7-1 7.1 3.5 12.9 10.6 12.9h63.5c8.6 0 15.7-6.3 17.4-14.9 .7-5.4-1.1 6.1 14.4-91.3 4.6-22 14.3-19.7 29.3-19.7 71 0 126.4-28.8 142.9-112.3 6.5-34.8 4.6-71.4-23.8-92.6z\"><\/path><\/svg><\/a><\/div><\/div><\/div>\n<\/div><\/div>\n\n\n\n<p><\/p>","protected":false},"excerpt":{"rendered":"<p>Best High School Graduates Awards (Annual Recognition) One of the Foundation\u2019s most prominent and long-running activities is the annual awarding of certificates, gifts, and encouragements to the top high school graduates from Serbia and the Republic of Srpska. This tradition dates back over two decades, connecting students with academic achievement and offering recognition for future [&hellip;]<\/p>\n","protected":false},"author":1,"featured_media":5691,"parent":0,"menu_order":0,"comment_status":"closed","ping_status":"closed","template":"","meta":{"give_campaign_id":0,"pagelayer_contact_templates":[],"_pagelayer_content":"","_uag_custom_page_level_css":"","site-sidebar-layout":"no-sidebar","site-content-layout":"page-builder","ast-site-content-layout":"full-width-container","site-content-style":"unboxed","site-sidebar-style":"unboxed","ast-global-header-display":"","ast-banner-title-visibility":"","ast-main-header-display":"","ast-hfb-above-header-display":"","ast-hfb-below-header-display":"","ast-hfb-mobile-header-display":"","site-post-title":"disabled","ast-breadcrumbs-content":"","ast-featured-img":"disabled","footer-sml-layout":"","ast-disable-related-posts":"","theme-transparent-header-meta":"","adv-header-id-meta":"","stick-header-meta":"","header-above-stick-meta":"","header-main-stick-meta":"","header-below-stick-meta":"","astra-migrate-meta-layouts":"set","ast-page-background-enabled":"default","ast-page-background-meta":{"desktop":{"background-color":"","background-image":"","background-repeat":"repeat","background-position":"center center","background-size":"auto","background-attachment":"scroll","background-type":"","background-media":"","overlay-type":"","overlay-color":"","overlay-opacity":"","overlay-gradient":""},"tablet":{"background-color":"","background-image":"","background-repeat":"repeat","background-position":"center center","background-size":"auto","background-attachment":"scroll","background-type":"","background-media":"","overlay-type":"","overlay-color":"","overlay-opacity":"","overlay-gradient":""},"mobile":{"background-color":"","background-image":"","background-repeat":"repeat","background-position":"center center","background-size":"auto","background-attachment":"scroll","background-type":"","background-media":"","overlay-type":"","overlay-color":"","overlay-opacity":"","overlay-gradient":""}},"ast-content-background-meta":{"desktop":{"background-color":"var(--ast-global-color-5)","background-image":"","background-repeat":"repeat","background-position":"center center","background-size":"auto","background-attachment":"scroll","background-type":"","background-media":"","overlay-type":"","overlay-color":"","overlay-opacity":"","overlay-gradient":""},"tablet":{"background-color":"var(--ast-global-color-5)","background-image":"","background-repeat":"repeat","background-position":"center center","background-size":"auto","background-attachment":"scroll","background-type":"","background-media":"","overlay-type":"","overlay-color":"","overlay-opacity":"","overlay-gradient":""},"mobile":{"background-color":"var(--ast-global-color-5)","background-image":"","background-repeat":"repeat","background-position":"center center","background-size":"auto","background-attachment":"scroll","background-type":"","background-media":"","overlay-type":"","overlay-color":"","overlay-opacity":"","overlay-gradient":""}},"footnotes":""},"class_list":["post-2117","page","type-page","status-publish","has-post-thumbnail","hentry"],"yoast_head":"<!-- This site is optimized with the Yoast SEO plugin v27.4 - https:\/\/yoast.com\/product\/yoast-seo-wordpress\/ -->\n<title>What We Do - Crown Prince Alexander Foundation<\/title>\n<meta name=\"description\" content=\"Crown Prince Alexander Foundation Empowering education, creativity, culture, and innovation to support a thriving and progressive society.\" \/>\n<meta name=\"robots\" content=\"index, follow, max-snippet:-1, max-image-preview:large, max-video-preview:-1\" \/>\n<link rel=\"canonical\" href=\"https:\/\/pafond.rs\/sr\/who-we-are\/\" \/>\n<meta property=\"og:locale\" content=\"sr_RS\" \/>\n<meta property=\"og:type\" content=\"article\" \/>\n<meta property=\"og:title\" content=\"What We Do - Crown Prince Alexander Foundation\" \/>\n<meta property=\"og:description\" content=\"Crown Prince Alexander Foundation Empowering education, creativity, culture, and innovation to support a thriving and progressive society.\" \/>\n<meta property=\"og:url\" content=\"https:\/\/pafond.rs\/sr\/who-we-are\/\" \/>\n<meta property=\"og:site_name\" content=\"Crown Prince Alexander Foundation\" \/>\n<meta property=\"article:publisher\" content=\"https:\/\/www.facebook.com\/Prestolonaslednik.Aleksandar\" \/>\n<meta property=\"article:modified_time\" content=\"2026-01-29T09:11:03+00:00\" \/>\n<meta property=\"og:image\" content=\"https:\/\/pafond.rs\/wp-content\/uploads\/2026\/01\/what-we-do.jpg\" \/>\n\t<meta property=\"og:image:width\" content=\"1480\" \/>\n\t<meta property=\"og:image:height\" content=\"720\" \/>\n\t<meta property=\"og:image:type\" content=\"image\/jpeg\" \/>\n<meta name=\"twitter:card\" content=\"summary_large_image\" \/>\n<meta name=\"twitter:label1\" content=\"\u041f\u0440\u043e\u0446\u0435\u045a\u0435\u043d\u043e \u0432\u0440\u0435\u043c\u0435 \u0447\u0438\u0442\u0430\u045a\u0430\" \/>\n\t<meta name=\"twitter:data1\" content=\"4 \u043c\u0438\u043d\u0443\u0442\u0430\" \/>\n<script type=\"application\/ld+json\" class=\"yoast-schema-graph\">{\"@context\":\"https:\\\/\\\/schema.org\",\"@graph\":[{\"@type\":\"WebPage\",\"@id\":\"https:\\\/\\\/pafond.rs\\\/who-we-are\\\/\",\"url\":\"https:\\\/\\\/pafond.rs\\\/who-we-are\\\/\",\"name\":\"What We Do - Crown Prince Alexander Foundation\",\"isPartOf\":{\"@id\":\"https:\\\/\\\/pafond.rs\\\/#website\"},\"primaryImageOfPage\":{\"@id\":\"https:\\\/\\\/pafond.rs\\\/who-we-are\\\/#primaryimage\"},\"image\":{\"@id\":\"https:\\\/\\\/pafond.rs\\\/who-we-are\\\/#primaryimage\"},\"thumbnailUrl\":\"https:\\\/\\\/pafond.rs\\\/wp-content\\\/uploads\\\/2026\\\/01\\\/what-we-do.jpg\",\"datePublished\":\"2025-11-19T13:43:01+00:00\",\"dateModified\":\"2026-01-29T09:11:03+00:00\",\"description\":\"Crown Prince Alexander Foundation Empowering education, creativity, culture, and innovation to support a thriving and progressive society.\",\"breadcrumb\":{\"@id\":\"https:\\\/\\\/pafond.rs\\\/who-we-are\\\/#breadcrumb\"},\"inLanguage\":\"sr-RS\",\"potentialAction\":[{\"@type\":\"ReadAction\",\"target\":[\"https:\\\/\\\/pafond.rs\\\/who-we-are\\\/\"]}]},{\"@type\":\"ImageObject\",\"inLanguage\":\"sr-RS\",\"@id\":\"https:\\\/\\\/pafond.rs\\\/who-we-are\\\/#primaryimage\",\"url\":\"https:\\\/\\\/pafond.rs\\\/wp-content\\\/uploads\\\/2026\\\/01\\\/what-we-do.jpg\",\"contentUrl\":\"https:\\\/\\\/pafond.rs\\\/wp-content\\\/uploads\\\/2026\\\/01\\\/what-we-do.jpg\",\"width\":1480,\"height\":720,\"caption\":\"Crown Prince Alexander\u2019s Foundation - What We Do\"},{\"@type\":\"BreadcrumbList\",\"@id\":\"https:\\\/\\\/pafond.rs\\\/who-we-are\\\/#breadcrumb\",\"itemListElement\":[{\"@type\":\"ListItem\",\"position\":1,\"name\":\"Home\",\"item\":\"https:\\\/\\\/pafond.rs\\\/\"},{\"@type\":\"ListItem\",\"position\":2,\"name\":\"What We Do\"}]},{\"@type\":\"WebSite\",\"@id\":\"https:\\\/\\\/pafond.rs\\\/#website\",\"url\":\"https:\\\/\\\/pafond.rs\\\/\",\"name\":\"Crown Prince Alexander Foundation\",\"description\":\"Empowering education, creativity, culture, and innovation to support a thriving and progressive society.\",\"publisher\":{\"@id\":\"https:\\\/\\\/pafond.rs\\\/#organization\"},\"potentialAction\":[{\"@type\":\"SearchAction\",\"target\":{\"@type\":\"EntryPoint\",\"urlTemplate\":\"https:\\\/\\\/pafond.rs\\\/?s={search_term_string}\"},\"query-input\":{\"@type\":\"PropertyValueSpecification\",\"valueRequired\":true,\"valueName\":\"search_term_string\"}}],\"inLanguage\":\"sr-RS\"},{\"@type\":\"Organization\",\"@id\":\"https:\\\/\\\/pafond.rs\\\/#organization\",\"name\":\"Crown Prince Alexander Foundation\",\"url\":\"https:\\\/\\\/pafond.rs\\\/\",\"logo\":{\"@type\":\"ImageObject\",\"inLanguage\":\"sr-RS\",\"@id\":\"https:\\\/\\\/pafond.rs\\\/#\\\/schema\\\/logo\\\/image\\\/\",\"url\":\"https:\\\/\\\/pafond.rs\\\/wp-content\\\/uploads\\\/2025\\\/11\\\/Asset-1.png\",\"contentUrl\":\"https:\\\/\\\/pafond.rs\\\/wp-content\\\/uploads\\\/2025\\\/11\\\/Asset-1.png\",\"width\":1294,\"height\":1062,\"caption\":\"Crown Prince Alexander Foundation\"},\"image\":{\"@id\":\"https:\\\/\\\/pafond.rs\\\/#\\\/schema\\\/logo\\\/image\\\/\"},\"sameAs\":[\"https:\\\/\\\/www.facebook.com\\\/Prestolonaslednik.Aleksandar\"]}]}<\/script>\n<!-- \/ Yoast SEO plugin. -->","yoast_head_json":{"title":"What We Do - Crown Prince Alexander Foundation","description":"Crown Prince Alexander Foundation Empowering education, creativity, culture, and innovation to support a thriving and progressive society.","robots":{"index":"index","follow":"follow","max-snippet":"max-snippet:-1","max-image-preview":"max-image-preview:large","max-video-preview":"max-video-preview:-1"},"canonical":"https:\/\/pafond.rs\/sr\/who-we-are\/","og_locale":"sr_RS","og_type":"article","og_title":"What We Do - Crown Prince Alexander Foundation","og_description":"Crown Prince Alexander Foundation Empowering education, creativity, culture, and innovation to support a thriving and progressive society.","og_url":"https:\/\/pafond.rs\/sr\/who-we-are\/","og_site_name":"Crown Prince Alexander Foundation","article_publisher":"https:\/\/www.facebook.com\/Prestolonaslednik.Aleksandar","article_modified_time":"2026-01-29T09:11:03+00:00","og_image":[{"width":1480,"height":720,"url":"https:\/\/pafond.rs\/wp-content\/uploads\/2026\/01\/what-we-do.jpg","type":"image\/jpeg"}],"twitter_card":"summary_large_image","twitter_misc":{"\u041f\u0440\u043e\u0446\u0435\u045a\u0435\u043d\u043e \u0432\u0440\u0435\u043c\u0435 \u0447\u0438\u0442\u0430\u045a\u0430":"4 \u043c\u0438\u043d\u0443\u0442\u0430"},"schema":{"@context":"https:\/\/schema.org","@graph":[{"@type":"WebPage","@id":"https:\/\/pafond.rs\/who-we-are\/","url":"https:\/\/pafond.rs\/who-we-are\/","name":"What We Do - Crown Prince Alexander Foundation","isPartOf":{"@id":"https:\/\/pafond.rs\/#website"},"primaryImageOfPage":{"@id":"https:\/\/pafond.rs\/who-we-are\/#primaryimage"},"image":{"@id":"https:\/\/pafond.rs\/who-we-are\/#primaryimage"},"thumbnailUrl":"https:\/\/pafond.rs\/wp-content\/uploads\/2026\/01\/what-we-do.jpg","datePublished":"2025-11-19T13:43:01+00:00","dateModified":"2026-01-29T09:11:03+00:00","description":"Crown Prince Alexander Foundation Empowering education, creativity, culture, and innovation to support a thriving and progressive society.","breadcrumb":{"@id":"https:\/\/pafond.rs\/who-we-are\/#breadcrumb"},"inLanguage":"sr-RS","potentialAction":[{"@type":"ReadAction","target":["https:\/\/pafond.rs\/who-we-are\/"]}]},{"@type":"ImageObject","inLanguage":"sr-RS","@id":"https:\/\/pafond.rs\/who-we-are\/#primaryimage","url":"https:\/\/pafond.rs\/wp-content\/uploads\/2026\/01\/what-we-do.jpg","contentUrl":"https:\/\/pafond.rs\/wp-content\/uploads\/2026\/01\/what-we-do.jpg","width":1480,"height":720,"caption":"Crown Prince Alexander\u2019s Foundation - What We Do"},{"@type":"BreadcrumbList","@id":"https:\/\/pafond.rs\/who-we-are\/#breadcrumb","itemListElement":[{"@type":"ListItem","position":1,"name":"Home","item":"https:\/\/pafond.rs\/"},{"@type":"ListItem","position":2,"name":"What We Do"}]},{"@type":"WebSite","@id":"https:\/\/pafond.rs\/#website","url":"https:\/\/pafond.rs\/","name":"Crown Prince Alexander Foundation","description":"Empowering education, creativity, culture, and innovation to support a thriving and progressive society.","publisher":{"@id":"https:\/\/pafond.rs\/#organization"},"potentialAction":[{"@type":"SearchAction","target":{"@type":"EntryPoint","urlTemplate":"https:\/\/pafond.rs\/?s={search_term_string}"},"query-input":{"@type":"PropertyValueSpecification","valueRequired":true,"valueName":"search_term_string"}}],"inLanguage":"sr-RS"},{"@type":"Organization","@id":"https:\/\/pafond.rs\/#organization","name":"Crown Prince Alexander Foundation","url":"https:\/\/pafond.rs\/","logo":{"@type":"ImageObject","inLanguage":"sr-RS","@id":"https:\/\/pafond.rs\/#\/schema\/logo\/image\/","url":"https:\/\/pafond.rs\/wp-content\/uploads\/2025\/11\/Asset-1.png","contentUrl":"https:\/\/pafond.rs\/wp-content\/uploads\/2025\/11\/Asset-1.png","width":1294,"height":1062,"caption":"Crown Prince Alexander Foundation"},"image":{"@id":"https:\/\/pafond.rs\/#\/schema\/logo\/image\/"},"sameAs":["https:\/\/www.facebook.com\/Prestolonaslednik.Aleksandar"]}]}},"campaignId":"","uagb_featured_image_src":{"full":["https:\/\/pafond.rs\/wp-content\/uploads\/2026\/01\/what-we-do.jpg",1480,720,false],"thumbnail":["https:\/\/pafond.rs\/wp-content\/uploads\/2026\/01\/what-we-do-150x150.jpg",150,150,true],"medium":["https:\/\/pafond.rs\/wp-content\/uploads\/2026\/01\/what-we-do-300x146.jpg",300,146,true],"medium_large":["https:\/\/pafond.rs\/wp-content\/uploads\/2026\/01\/what-we-do-768x374.jpg",768,374,true],"large":["https:\/\/pafond.rs\/wp-content\/uploads\/2026\/01\/what-we-do-1024x498.jpg",1024,498,true],"1536x1536":["https:\/\/pafond.rs\/wp-content\/uploads\/2026\/01\/what-we-do.jpg",1480,720,false],"2048x2048":["https:\/\/pafond.rs\/wp-content\/uploads\/2026\/01\/what-we-do.jpg",1480,720,false],"trp-custom-language-flag":["https:\/\/pafond.rs\/wp-content\/uploads\/2026\/01\/what-we-do-18x9.jpg",18,9,true]},"uagb_author_info":{"display_name":"stefan","author_link":"https:\/\/pafond.rs\/sr\/author\/stefan\/"},"uagb_comment_info":0,"uagb_excerpt":"Best High School Graduates Awards (Annual Recognition) One of the Foundation\u2019s most prominent and long-running activities is the annual awarding of certificates, gifts, and encouragements to the top high school graduates from Serbia and the Republic of Srpska. This tradition dates back over two decades, connecting students with academic achievement and offering recognition for future&hellip;","_links":{"self":[{"href":"https:\/\/pafond.rs\/sr\/wp-json\/wp\/v2\/pages\/2117","targetHints":{"allow":["GET"]}}],"collection":[{"href":"https:\/\/pafond.rs\/sr\/wp-json\/wp\/v2\/pages"}],"about":[{"href":"https:\/\/pafond.rs\/sr\/wp-json\/wp\/v2\/types\/page"}],"author":[{"embeddable":true,"href":"https:\/\/pafond.rs\/sr\/wp-json\/wp\/v2\/users\/1"}],"replies":[{"embeddable":true,"href":"https:\/\/pafond.rs\/sr\/wp-json\/wp\/v2\/comments?post=2117"}],"version-history":[{"count":17,"href":"https:\/\/pafond.rs\/sr\/wp-json\/wp\/v2\/pages\/2117\/revisions"}],"predecessor-version":[{"id":5692,"href":"https:\/\/pafond.rs\/sr\/wp-json\/wp\/v2\/pages\/2117\/revisions\/5692"}],"wp:featuredmedia":[{"embeddable":true,"href":"https:\/\/pafond.rs\/sr\/wp-json\/wp\/v2\/media\/5691"}],"wp:attachment":[{"href":"https:\/\/pafond.rs\/sr\/wp-json\/wp\/v2\/media?parent=2117"}],"curies":[{"name":"wp","href":"https:\/\/api.w.org\/{rel}","templated":true}]}}